{"id":5311,"date":"2026-06-10T14:03:04","date_gmt":"2026-06-10T12:03:04","guid":{"rendered":"https:\/\/museumsguide.net\/?page_id=5311"},"modified":"2026-08-20T12:47:10","modified_gmt":"2026-08-20T10:47:10","slug":"home","status":"publish","type":"page","link":"https:\/\/museumsguide.net\/en\/","title":{"rendered":""},"content":{"rendered":"<div class=\"wp-block-group has-global-padding is-layout-constrained wp-block-group-is-layout-constrained\">\n<div class=\"wp-block-group alignwide is-layout-flow wp-block-group-is-layout-flow\">\n<h1 class=\"wp-block-heading screen-reader-text\">Museum Guide<\/h1>\n\n\n\n<section class=\"wp-block-query alignwide is-layout-flow wp-block-query-is-layout-flow\">\n<div class=\"wp-block-group section-title is-vertical is-layout-flex wp-container-core-group-is-layout-be703d30 wp-block-group-is-layout-flex\" style=\"margin-top:0;margin-bottom:var(--wp--preset--spacing--40)\">\n<h2 class=\"wp-block-heading\">Accessibility &amp; Inclusion in Austrian Museums<\/h2>\n<\/div>\n\n\n<ul class=\"columns-4 alignwide museum wp-block-post-template is-layout-grid wp-container-core-post-template-is-layout-611cd73c wp-block-post-template-is-layout-grid\"><li class=\"wp-block-post post-280 museum type-museum status-publish hentry accessibility-barrierefreie-wcs accessibility-barrierefreie-webseite accessibility-barrierefreier-eingang accessibility-barrierefreier-empfang accessibility-begleithunde-erlaubt accessibility-ermaessigter-eintritt accessibility-spezialfuehrungen-angebote region-niederoesterreich\">\n<article class=\"card\"><figure class=\"wp-block-post-featured-image\"><img decoding=\"async\" class=\"thumbnail\" src=\"https:\/\/museumsguide.net\/wp-content\/uploads\/2023\/01\/5-Elemente-Museum.jpg\" alt=\"Ein junger Mann ertastet in einem Ausstellungsraum ein Objekt, w\u00e4hrend eine Frau an an der Wand aufgeh\u00e4ngten S\u00e4beln vorbeigeht.\" loading=\"lazy\"  srcset=\"https:\/\/museumsguide.net\/wp-content\/uploads\/2023\/01\/5-Elemente-Museum-1024x412.webp 1024w, https:\/\/museumsguide.net\/wp-content\/uploads\/2023\/01\/5-Elemente-Museum-768x309.webp 768w, https:\/\/museumsguide.net\/wp-content\/uploads\/2023\/01\/5-Elemente-Museum-1536x618.webp 1536w, https:\/\/museumsguide.net\/wp-content\/uploads\/2023\/01\/5-Elemente-Museum-2048x824.webp 2048w, https:\/\/museumsguide.net\/wp-content\/uploads\/2023\/01\/5-Elemente-Museum-500x201.webp 500w\"  sizes=\"(min-width: 1025px) 390px,(min-width:710px) 45vw, 90vw\" ><\/figure><div class=\"data\"><h3 class=\"card-title\" data-no-auto-translation=\"\"><a class=\"stretched-link\" href=\"https:\/\/museumsguide.net\/en\/museum\/5-elemente-museum\/\">5-Elemente-Museum<\/a><\/h3><p class=\"region\"><span class=\"screen-reader-text\">Location: <\/span><i class=\"fa-solid fa-location-dot\" aria-hidden=\"true\"><\/i>3340 Waidhofen an der Ybbs, Lower Austria<\/p><p class=\"description\">Here you will find the city\u2019s history presented in a slightly different way. <\/p><\/div><\/article>\n<\/li><li class=\"wp-block-post post-200 museum type-museum status-publish hentry accessibility-audioguides-multimedia-guides-hoerstationen accessibility-barrierefreie-wcs accessibility-barrierefreier-eingang accessibility-barrierefreier-empfang accessibility-begleithunde-erlaubt accessibility-ermaessigter-eintritt accessibility-kulturpass accessibility-verleih-von-rollator-rollstuhl region-wien\">\n<article class=\"card\"><figure class=\"wp-block-post-featured-image\"><img decoding=\"async\" class=\"thumbnail\" src=\"https:\/\/museumsguide.net\/wp-content\/uploads\/2023\/01\/AkademiederbildenenKuenste.jpeg\" alt=\"Foto eines Ausstellungsraums mit mehreren Gem\u00e4lden in der Akademie der bildenden K\u00fcnste.\" loading=\"lazy\"  srcset=\"https:\/\/museumsguide.net\/wp-content\/uploads\/2023\/01\/AkademiederbildenenKuenste-1024x576.webp 1024w, https:\/\/museumsguide.net\/wp-content\/uploads\/2023\/01\/AkademiederbildenenKuenste-768x432.webp 768w, https:\/\/museumsguide.net\/wp-content\/uploads\/2023\/01\/AkademiederbildenenKuenste-500x281.webp 500w, https:\/\/museumsguide.net\/wp-content\/uploads\/2023\/01\/AkademiederbildenenKuenste-jpeg-webp.webp 1360w\"  sizes=\"(min-width: 1025px) 390px,(min-width:710px) 45vw, 90vw\" ><\/figure><div class=\"data\"><h3 class=\"card-title\" data-no-auto-translation=\"\"><a class=\"stretched-link\" href=\"https:\/\/museumsguide.net\/en\/museum\/akademie-der-bildenden-kuenste-wien-gemaeldegalerie\/\">Akademie der bildenden K\u00fcnste Wien Gem\u00e4ldegalerie<\/a><\/h3><p class=\"region\"><span class=\"screen-reader-text\">Location: <\/span><i class=\"fa-solid fa-location-dot\" aria-hidden=\"true\"><\/i>1010 Vienna, Vienna<\/p><p class=\"description\">The Academy\u2019s art collections \u2013 the Gem\u00e4ldegalerie, Kupferstichkabinett and Glyptothek \u2013 house around 1,200 paintings and around 160,000 works on paper from the 14th to the 16th century. <\/p><\/div><\/article>\n<\/li><li class=\"wp-block-post post-202 museum type-museum status-publish hentry accessibility-audioguides-multimedia-guides-hoerstationen accessibility-barrierefreie-wcs accessibility-barrierefreie-webseite accessibility-barrierefreier-eingang accessibility-barrierefreier-empfang accessibility-begleithunde-erlaubt accessibility-ermaessigter-eintritt accessibility-fuer-menschen-mit-hoerbehinderung accessibility-fuer-menschen-mit-sehbehinderung accessibility-leichte-oder-einfache-sprache accessibility-induktive-hoeranlage accessibility-kulturpass accessibility-spezialfuehrungen-angebote accessibility-verleih-von-rollator-rollstuhl region-wien\">\n<article class=\"card\"><figure class=\"wp-block-post-featured-image\"><img decoding=\"async\" class=\"thumbnail\" src=\"http:\/\/museumsguide.net\/wp-content\/uploads\/2023\/01\/ALBERTINA_c_Harald-Eisenberger.jpg\" alt=\"Au\u00dfenansicht des Kunstmuseums Albertina in Wien mit historischem Palais und modernem Fl\u00fcgeldach bei D\u00e4mmerung\" loading=\"lazy\"  srcset=\"https:\/\/museumsguide.net\/wp-content\/uploads\/2023\/01\/ALBERTINA_c_Harald-Eisenberger-1024x809.webp 1024w, https:\/\/museumsguide.net\/wp-content\/uploads\/2023\/01\/ALBERTINA_c_Harald-Eisenberger-768x607.webp 768w, https:\/\/museumsguide.net\/wp-content\/uploads\/2023\/01\/ALBERTINA_c_Harald-Eisenberger-1536x1214.webp 1536w, https:\/\/museumsguide.net\/wp-content\/uploads\/2023\/01\/ALBERTINA_c_Harald-Eisenberger-2048x1619.webp 2048w, https:\/\/museumsguide.net\/wp-content\/uploads\/2023\/01\/ALBERTINA_c_Harald-Eisenberger-500x395.webp 500w\"  sizes=\"(min-width: 1025px) 390px,(min-width:710px) 45vw, 90vw\" ><\/figure><div class=\"data\"><h3 class=\"card-title\" data-no-auto-translation=\"\"><a class=\"stretched-link\" href=\"https:\/\/museumsguide.net\/en\/museum\/albertina\/\">Albertina<\/a><\/h3><p class=\"region\"><span class=\"screen-reader-text\">Location: <\/span><i class=\"fa-solid fa-location-dot\" aria-hidden=\"true\"><\/i>1010 Vienna, Vienna<\/p><p class=\"description\">The Albertina houses the world&#039;s largest and most important graphic art collection with around 9,000 drawings, prints and paintings from over six centuries, accompanied by temporary exhibitions of art and art history between 1500 and the present. <\/p><\/div><\/article>\n<\/li><li class=\"wp-block-post post-1588 museum type-museum status-publish hentry accessibility-barrierefreie-wcs accessibility-barrierefreie-webseite accessibility-barrierefreier-eingang accessibility-barrierefreier-empfang accessibility-begleithunde-erlaubt accessibility-ermaessigter-eintritt accessibility-fuer-menschen-mit-hoerbehinderung accessibility-kulturpass accessibility-spezialfuehrungen-angebote accessibility-verleih-von-rollator-rollstuhl region-niederoesterreich\">\n<article class=\"card\"><figure class=\"wp-block-post-featured-image\"><img decoding=\"async\" class=\"thumbnail\" src=\"https:\/\/museumsguide.net\/wp-content\/uploads\/2025\/01\/Albertina-Klosterneuburg.png\" alt=\"Foto des Albertina-Klosterneuburg-Geb\u00e4udes bei sch\u00f6nem Wetter.\" loading=\"lazy\" ><\/figure><div class=\"data\"><h3 class=\"card-title\" data-no-auto-translation=\"\"><a class=\"stretched-link\" href=\"https:\/\/museumsguide.net\/en\/museum\/albertina-klosterneuburg\/\">Albertina Klosterneuburg<\/a><\/h3><p class=\"region\"><span class=\"screen-reader-text\">Location: <\/span><i class=\"fa-solid fa-location-dot\" aria-hidden=\"true\"><\/i>3400 Klosterneuburg, Lower Austria<\/p><p class=\"description\">With the reopening of the former Essl Museum in 2024, the Albertina will make a large part of its collection of contemporary art after 1945 accessible to the public at its new location, including: <\/p><\/div><\/article>\n<\/li><\/ul>\n\n\n<div class=\"wp-block-buttons show-more is-content-justification-right is-layout-flex wp-container-core-buttons-is-layout-cfb5f139 wp-block-buttons-is-layout-flex\" style=\"margin-bottom:var(--wp--preset--spacing--30)\">\n<div class=\"wp-block-button button-secondary\"><a class=\"wp-block-button__link wp-element-button\" href=\"\/en\/museen\/\">Show all museums<\/a><\/div>\n<\/div>\n<\/section>\n\n\n\n<div class=\"wp-block-group alignwide adv-block is-layout-flow wp-block-group-is-layout-flow\"><\/div>\n\n\n\n<div class=\"wp-block-group alignwide adv-block has-global-padding is-layout-constrained wp-block-group-is-layout-constrained\"><div class=\"advertisments-container nowide\"><!-- Advertisments tall -->\n\t<div hidden class=\"post-5457 advertisment type-advertisment status-publish hentry tall ad-tall-1\" data-guides-ad-id=\"5457\" data-guides-ad-kind=\"standard\">\n        <aside>\n\t\t\t<a class=\"advertisment-link\" href=\"https:\/\/www.sozialministeriumservice.gv.at\/\" rel=\"sponsored\" data-guides-ad-id=\"5457\" aria-label=\"Social Ministry Service \u2013 We support people with disabilities. Information about our services: sozialministeriumservice.gv.at \u2013 Paid advertisement\">\n                <picture>\n                    <source srcset=\"https:\/\/museumsguide.net\/wp-content\/uploads\/2026\/06\/260617_Web-Banner_Sozialministeriumservice_200x700.avif\" media=\"(min-width: 1280px)\"\/>\n            <source srcset=\"https:\/\/museumsguide.net\/wp-content\/uploads\/2026\/06\/260617_Web-Banner_Sozialministeriumservice_600x400_1.avif\" media=\"(max-width: 1279px)\"\/>\n                    <img src=\"https:\/\/museumsguide.net\/wp-content\/uploads\/2026\/06\/260617_Web-Banner_Sozialministeriumservice_600x400_1.avif\" class=\"adv\" alt=\"Sozialministeriumservice - Wir unterst\u00fctzen Menschen mit Behinderung. Informationen zu unseren Angeboten: sozialministeriumservice.gv.at - Entgeltliche Einschaltung\" loading=\"lazy\" decoding=\"async\" \/>\n                <\/picture>\n                \n                \n            <\/a>\n        <\/aside>\n    <\/div><\/div><\/div>\n\n\n\n<section class=\"wp-block-query is-layout-flow wp-block-query-is-layout-flow\">\n<div class=\"wp-block-group section-title is-vertical is-content-justification-left is-layout-flex wp-container-core-group-is-layout-3a75d448 wp-block-group-is-layout-flex\" style=\"margin-top:var(--wp--preset--spacing--70);margin-bottom:var(--wp--preset--spacing--40)\">\n<h2 class=\"wp-block-heading\">News<\/h2>\n<\/div>\n\n\n<ul class=\"columns-4 cards news wp-block-post-template is-layout-grid wp-container-core-post-template-is-layout-50f8a4dc wp-block-post-template-is-layout-grid\"><li class=\"wp-block-post post-5841 post type-post status-publish format-standard has-post-thumbnail hentry category-termin region-wien thema-inklusion\">\n<article class=\"card\"><figure class=\"wp-block-post-featured-image\">\n\t\t\t\t\t\t<img decoding=\"async\" class=\"thumbnail\" src=\"https:\/\/museumsguide.net\/wp-content\/uploads\/2026\/08\/Tastrelief-\u00a9-Kun-sthistorisches-Museum-400x400.avif\" alt=\"Eine Hand ertastet ein wei\u00dfes Reliefbild eines Gem\u00e4ldes, w\u00e4hrend das Originalfoto im Hintergrund liegt\" loading=\"lazy\"  srcset=\"https:\/\/museumsguide.net\/wp-content\/uploads\/2026\/08\/Tastrelief-\u00a9-Kun-sthistorisches-Museum-400x400.avif 400w, https:\/\/museumsguide.net\/wp-content\/uploads\/2026\/08\/Tastrelief-\u00a9-Kun-sthistorisches-Museum-300x300.avif 300w\" sizes=\"(min-width: 1065px) 287px, (min-width:821px) 30vw, (min-width:558px) 45vw, 90vw\">\n\t\t\t\t\t\t<span class=\"category-label\">appointment<\/span>\n\t\t\t\t\t<\/figure><div class=\"data\">\n\t\t\t\t\t\t<h3 class=\"card-title\"><a class=\"stretched-link\" href=\"https:\/\/museumsguide.net\/en\/inclusive-museums-2030-im-mq\/\">Inclusive Museums 2030 at the MQ<\/a><\/h3>\n\t\t\t\t\t\t<p>On September 14th, a conference on the topic of accessible art and culture for an inclusive society will take place, with keynotes, impulse sessions, panels, live demos &amp; networking. <\/p>\n\t\t\t\t\t<\/div><\/article>\n<\/li><li class=\"wp-block-post post-5838 post type-post status-publish format-standard has-post-thumbnail hentry category-termin region-ausland thema-community-building thema-wellbeing thema-inklusion\">\n<article class=\"card\"><figure class=\"wp-block-post-featured-image\">\n\t\t\t\t\t\t<img decoding=\"async\" class=\"thumbnail\" src=\"https:\/\/museumsguide.net\/wp-content\/uploads\/2026\/08\/\u00a9-Healing-Arts-New-York-Jameel-Artas-Health-Lab-400x400.avif\" alt=\"Bunte, detailreiche Textilkunst mit stilisierten Geb\u00e4uden, Tieren und floralen Mustern\" loading=\"lazy\"  srcset=\"https:\/\/museumsguide.net\/wp-content\/uploads\/2026\/08\/\u00a9-Healing-Arts-New-York-Jameel-Artas-Health-Lab-400x400.avif 400w, https:\/\/museumsguide.net\/wp-content\/uploads\/2026\/08\/\u00a9-Healing-Arts-New-York-Jameel-Artas-Health-Lab-300x300.avif 300w\" sizes=\"(min-width: 1065px) 287px, (min-width:821px) 30vw, (min-width:558px) 45vw, 90vw\">\n\t\t\t\t\t\t<span class=\"category-label\">appointment<\/span>\n\t\t\t\t\t<\/figure><div class=\"data\">\n\t\t\t\t\t\t<h3 class=\"card-title\"><a class=\"stretched-link\" href=\"https:\/\/museumsguide.net\/en\/healing-arts-week-new-york\/\">Healing Arts Week New York<\/a><\/h3>\n\t\t\t\t\t\t<p>As every year in September, the Healing Arts Week New York will take place again this year during the annual UN General Assembly: from September 19th to 26th. <\/p>\n\t\t\t\t\t<\/div><\/article>\n<\/li><li class=\"wp-block-post post-5835 post type-post status-publish format-standard has-post-thumbnail hentry category-ausstellung region-wien thema-inklusion\">\n<article class=\"card\"><figure class=\"wp-block-post-featured-image\">\n\t\t\t\t\t\t<img decoding=\"async\" class=\"thumbnail\" src=\"https:\/\/museumsguide.net\/wp-content\/uploads\/2026\/08\/\u00a9-hdgoe-400x400.avif\" alt=\"Historische Metallnadel mit der Aufschrift \u201eArbeit nicht Mitleid\u201c und \u201eErste Oesterr. Kr\u00fcppelarbeitsgemeinschaft\u201c\" loading=\"lazy\"  srcset=\"https:\/\/museumsguide.net\/wp-content\/uploads\/2026\/08\/\u00a9-hdgoe-400x400.avif 400w, https:\/\/museumsguide.net\/wp-content\/uploads\/2026\/08\/\u00a9-hdgoe-300x300.avif 300w\" sizes=\"(min-width: 1065px) 287px, (min-width:821px) 30vw, (min-width:558px) 45vw, 90vw\">\n\t\t\t\t\t\t<span class=\"category-label\">Exhibition<\/span>\n\t\t\t\t\t<\/figure><div class=\"data\">\n\t\t\t\t\t\t<h3 class=\"card-title\"><a class=\"stretched-link\" href=\"https:\/\/museumsguide.net\/en\/rechte-statt-almosen-die-oesterreichische-behindertenbewegung-in-der-zwischenkriegszeit\/\">Rights instead of charity! The Austrian disability rights movement in the interwar period<\/a><\/h3>\n\t\t\t\t\t\t<p>From September 29, 2026, the House of Austrian History (hdg\u00f6) will present the exhibition &quot;Rights instead of charity!&quot; <\/p>\n\t\t\t\t\t<\/div><\/article>\n<\/li><li class=\"wp-block-post post-5825 post type-post status-publish format-standard has-post-thumbnail hentry category-news region-ausland region-niederoesterreich thema-assistive-technologien thema-inklusion thema-zero-project-awardee\">\n<article class=\"card\"><figure class=\"wp-block-post-featured-image\">\n\t\t\t\t\t\t<img decoding=\"async\" class=\"thumbnail\" src=\"https:\/\/museumsguide.net\/wp-content\/uploads\/2025\/01\/Museum-Gugging-400x400.avif\" alt=\"Foto des gro\u00dfen blauen Stern auf dem Museum-Gugging-Geb\u00e4ude.\" loading=\"lazy\"  srcset=\"https:\/\/museumsguide.net\/wp-content\/uploads\/2025\/01\/Museum-Gugging-400x400.avif 400w, https:\/\/museumsguide.net\/wp-content\/uploads\/2025\/01\/Museum-Gugging-300x300.avif 300w\" sizes=\"(min-width: 1065px) 287px, (min-width:821px) 30vw, (min-width:558px) 45vw, 90vw\">\n\t\t\t\t\t\t<span class=\"category-label\">News<\/span>\n\t\t\t\t\t<\/figure><div class=\"data\">\n\t\t\t\t\t\t<h3 class=\"card-title\"><a class=\"stretched-link\" href=\"https:\/\/museumsguide.net\/en\/die-zerocall-27-shortlist-ist-bekanntgegeben\/\">The ZeroCall 27 shortlist has been announced.<\/a><\/h3>\n\t\t\t\t\t\t<p>159 innovative solutions from 59 countries on six continents have been shortlisted for the Zero Project Awards 2027. <\/p>\n\t\t\t\t\t<\/div><\/article>\n<\/li><\/ul>\n\n\n<div class=\"wp-block-buttons show-more is-content-justification-right is-layout-flex wp-container-core-buttons-is-layout-ee026ec0 wp-block-buttons-is-layout-flex\">\n<div class=\"wp-block-button button-secondary\"><a class=\"wp-block-button__link has-text-align-left wp-element-button\" href=\"\/en\/archiv\/\">Show all news<\/a><\/div>\n<\/div>\n\n\n<\/section>\n\n\n\n<section class=\"wp-block-group guides-order-block has-lightgrey-background-color has-background is-content-justification-left is-layout-flex wp-container-core-group-is-layout-1fb097eb wp-block-group-is-layout-flex\" style=\"border-top-left-radius:0.5em;border-top-right-radius:0.5em;border-bottom-left-radius:0.5em;border-bottom-right-radius:0.5em\">\n<figure class=\"wp-block-image size-large is-resized\" style=\"margin-top: 0; margin-bottom: 0;\"><img decoding=\"async\" src=\"\/wp-content\/uploads\/2024\/08\/MuseumsGuideInklusiv_Cover-jpg.avif\" alt=\"Buch-Cover: Museums Guide inklusiv - Kunst und Kultur barrierefrei erleben Das Bild am Cover zeigt Menschen bei einer inklusiven F\u00fchrung.\" style=\"width:144px;height:225px\"><\/figure>\n\n\n\n<div class=\"wp-block-group has-global-padding is-layout-constrained wp-block-group-is-layout-constrained\">\n<h2 class=\"wp-block-heading\">Always have the guide at hand<\/h2>\n\n\n\n<p class=\"wp-block-paragraph\">The Museum Guide is also available as a print edition!<\/p>\n\n\n\n<div class=\"wp-block-buttons is-layout-flex wp-block-buttons-is-layout-flex\">\n<div class=\"wp-block-button\"><a class=\"wp-block-button__link wp-element-button\" href=\"\/en\/buch-bestellen\/\">Order now!<\/a><\/div>\n<\/div>\n<\/div>\n<\/section>\n<\/div>\n<\/div>","protected":false},"excerpt":{"rendered":"<p>Museum Guide: Always have the guide at hand! The Museum Guide is also available in print!<\/p>","protected":false},"author":1,"featured_media":0,"parent":0,"menu_order":0,"comment_status":"closed","ping_status":"closed","template":"","meta":{"footnotes":""},"class_list":["post-5311","page","type-page","status-publish","hentry"],"_links":{"self":[{"href":"https:\/\/museumsguide.net\/en\/wp-json\/wp\/v2\/pages\/5311","targetHints":{"allow":["GET"]}}],"collection":[{"href":"https:\/\/museumsguide.net\/en\/wp-json\/wp\/v2\/pages"}],"about":[{"href":"https:\/\/museumsguide.net\/en\/wp-json\/wp\/v2\/types\/page"}],"author":[{"embeddable":true,"href":"https:\/\/museumsguide.net\/en\/wp-json\/wp\/v2\/users\/1"}],"replies":[{"embeddable":true,"href":"https:\/\/museumsguide.net\/en\/wp-json\/wp\/v2\/comments?post=5311"}],"version-history":[{"count":15,"href":"https:\/\/museumsguide.net\/en\/wp-json\/wp\/v2\/pages\/5311\/revisions"}],"predecessor-version":[{"id":5727,"href":"https:\/\/museumsguide.net\/en\/wp-json\/wp\/v2\/pages\/5311\/revisions\/5727"}],"wp:attachment":[{"href":"https:\/\/museumsguide.net\/en\/wp-json\/wp\/v2\/media?parent=5311"}],"curies":[{"name":"wp","href":"https:\/\/api.w.org\/{rel}","templated":true}]}}